{"id":1407,"date":"2026-09-02T12:25:50","date_gmt":"2026-09-02T15:25:50","guid":{"rendered":"https:\/\/www.iadep.gob.ar\/iadep\/?page_id=1407"},"modified":"2026-09-02T12:28:47","modified_gmt":"2026-09-02T15:28:47","slug":"programa-neuquen-financia","status":"publish","type":"page","link":"https:\/\/www.iadep.gob.ar\/iadep\/programa-neuquen-financia\/","title":{"rendered":"Programa Neuqu\u00e9n Financia"},"content":{"rendered":"\t\t<div data-elementor-type=\"wp-page\" data-elementor-id=\"1407\" class=\"elementor elementor-1407\" data-elementor-post-type=\"page\">\n\t\t\t\t<div class=\"elementor-element elementor-element-395b914 e-con e-atomic-element e-flexbox-base e-c7b3777 \" data-id=\"395b914\" data-element_type=\"e-flexbox\" data-e-type=\"e-flexbox\" data-interaction-id=\"395b914\" data-e-type=\"e-flexbox\" data-id=\"395b914\">\n    <div class=\"elementor-element elementor-element-f6acab0 e-flex e-con-boxed e-con e-parent\" data-id=\"f6acab0\" data-element_type=\"container\" data-e-type=\"container\">\n\t\t\t\t\t<div class=\"e-con-inner\">\n\t\t\t\t<div class=\"elementor-element elementor-element-8a5363e elementor-widget elementor-widget-heading\" data-id=\"8a5363e\" data-element_type=\"widget\" data-e-type=\"widget\" data-widget_type=\"heading.default\">\n\t\t\t\t\t<h2 class=\"elementor-heading-title elementor-size-default\">Programa Neuqu\u00e9n Financia<\/h2>\t\t\t\t<\/div>\n\t\t\t\t<div class=\"elementor-element elementor-element-145e91b elementor-widget elementor-widget-text-editor\" data-id=\"145e91b\" data-element_type=\"widget\" data-e-type=\"widget\" data-widget_type=\"text-editor.default\">\n\t\t\t\t\t\t\t\t\t<p>Financiamiento accesible para potenciar el autoempleo y el crecimiento de emprendimientos en todas las regiones de la Provincia del Neuqu\u00e9n.<\/p><h2><strong>\u00bfQu\u00e9 es y cu\u00e1l es su objetivo?<\/strong><\/h2><p>Programa integral creado para brindar asistencia t\u00e9cnica y financiera a emprendedores que no acceden al sistema bancario tradicional, combinando jornadas de inducci\u00f3n obligatorias con financiamiento a tasa promocional en todo el territorio provincial.<\/p><h2><strong>Subprogramas Espec\u00edficos<\/strong><\/h2><p>\u2022 Incentivo a la Transformaci\u00f3n Digital y el Desarrollo de Startups de Base Tecnol\u00f3gica.<\/p><p>\u2022 L\u00ednea de Cr\u00e9dito para las Industrias Culturales.<\/p><p>\u2022 L\u00ednea de Inclusi\u00f3n Econ\u00f3mica para Personas con Discapacidad.<\/p><p>\u2022 L\u00ednea Tejiendo Redes.<\/p><p>\u2022 L\u00ednea de Cr\u00e9dito Impulso al Autoempleo Neuquino.<\/p><p>\u2022 L\u00ednea Destinada a Emprendimientos de Mujeres y G\u00e9nero.<\/p><p>\u2022 L\u00ednea de Inclusi\u00f3n Financiera para las Juventudes.<\/p><p>\u2022 L\u00ednea de Cr\u00e9dito Destinada a Financiar a Prestadores de Actividades y Servicios Tur\u00edsticos.<\/p><p>\u2022 L\u00ednea Cr\u00e9ditos Impulso Emprendedor para la Inclusi\u00f3n Financiera. <\/p>\t\t\t\t\t\t\t\t<\/div>\n\t\t\t\t<div class=\"elementor-element elementor-element-f867bba elementor-widget elementor-widget-text-editor\" data-id=\"f867bba\" data-element_type=\"widget\" data-e-type=\"widget\" data-widget_type=\"text-editor.default\">\n\t\t\t\t\t\t\t\t\t<h3><strong>Condiciones Financieras<\/strong><\/h3><h3>\u00a0<\/h3><table><tbody><tr><td width=\"134\"><p><strong>Concepto<\/strong><\/p><\/td><td width=\"593\"><p><strong>Detalle de la Condici\u00f3n<\/strong><\/p><\/td><\/tr><tr><td width=\"134\"><p><strong>Destinatarios<\/strong><\/p><\/td><td width=\"593\"><p>Emprendedores, unidades de autoempleo y MiPyMEs de las 7 regiones de Neuqu\u00e9n.<\/p><p>\u00a0<\/p><\/td><\/tr><tr><td width=\"134\"><p><strong>Tasa de Inter\u00e9s<\/strong><\/p><\/td><td width=\"593\"><p>Tasa promocional variable con un <strong>tope de hasta el 40% TNA<\/strong>.<\/p><\/td><\/tr><tr><td width=\"134\"><p><strong>Garant\u00edas<\/strong><\/p><\/td><td width=\"593\"><p>Esquema flexible adaptado a la inclusi\u00f3n financiera (personales y solidarias).<\/p><\/td><\/tr><\/tbody><\/table><p>\u00a0<\/p>\t\t\t\t\t\t\t\t<\/div>\n\t\t\t\t<div class=\"elementor-element elementor-element-20b143f elementor-widget elementor-widget-button\" data-id=\"20b143f\" data-element_type=\"widget\" data-e-type=\"widget\" data-widget_type=\"button.default\">\n\t\t\t\t\t\t\t\t\t\t<a class=\"elementor-button elementor-button-link elementor-size-sm\" href=\"https:\/\/sas.iadep.gov.ar\/RegistroEmprendedores\/Account\/Login\" target=\"_blank\">\n\t\t\t\t\t\t<span class=\"elementor-button-content-wrapper\">\n\t\t\t\t\t\t\t\t\t<span class=\"elementor-button-text\">Iniciar registro con FINI <\/span>\n\t\t\t\t\t<\/span>\n\t\t\t\t\t<\/a>\n\t\t\t\t\t\t\t\t<\/div>\n\t\t\t\t\t<\/div>\n\t\t\t\t<\/div>\n\t\t\n<\/div>\n\t\t<\/div>\n\t\t","protected":false},"excerpt":{"rendered":"<p>Programa Neuqu\u00e9n Financia Financiamiento accesible para potenciar el autoempleo y el crecimiento de emprendimientos en todas las regiones de la Provincia del Neuqu\u00e9n. \u00bfQu\u00e9 es y cu\u00e1l es su objetivo? Programa integral creado para brindar asistencia t\u00e9cnica y financiera a emprendedores que no acceden al sistema bancario tradicional, combinando jornadas de inducci\u00f3n obligatorias con financiamiento [&hellip;]<\/p>\n","protected":false},"author":4,"featured_media":0,"parent":0,"menu_order":0,"comment_status":"closed","ping_status":"closed","template":"","meta":{"_eb_attr":"","ngg_post_thumbnail":0,"_joinchat":[],"footnotes":""},"class_list":["post-1407","page","type-page","status-publish","hentry"],"acf":[],"_links":{"self":[{"href":"https:\/\/www.iadep.gob.ar\/iadep\/wp-json\/wp\/v2\/pages\/1407","targetHints":{"allow":["GET"]}}],"collection":[{"href":"https:\/\/www.iadep.gob.ar\/iadep\/wp-json\/wp\/v2\/pages"}],"about":[{"href":"https:\/\/www.iadep.gob.ar\/iadep\/wp-json\/wp\/v2\/types\/page"}],"author":[{"embeddable":true,"href":"https:\/\/www.iadep.gob.ar\/iadep\/wp-json\/wp\/v2\/users\/4"}],"replies":[{"embeddable":true,"href":"https:\/\/www.iadep.gob.ar\/iadep\/wp-json\/wp\/v2\/comments?post=1407"}],"version-history":[{"count":4,"href":"https:\/\/www.iadep.gob.ar\/iadep\/wp-json\/wp\/v2\/pages\/1407\/revisions"}],"predecessor-version":[{"id":1411,"href":"https:\/\/www.iadep.gob.ar\/iadep\/wp-json\/wp\/v2\/pages\/1407\/revisions\/1411"}],"wp:attachment":[{"href":"https:\/\/www.iadep.gob.ar\/iadep\/wp-json\/wp\/v2\/media?parent=1407"}],"curies":[{"name":"wp","href":"https:\/\/api.w.org\/{rel}","templated":true}]}}