{"id":1379,"date":"2026-09-02T12:15:30","date_gmt":"2026-09-02T15:15:30","guid":{"rendered":"https:\/\/www.iadep.gob.ar\/iadep\/?page_id=1379"},"modified":"2026-09-02T12:18:03","modified_gmt":"2026-09-02T15:18:03","slug":"linea-impulso-emprendedor-para-la-reactivacion-economica","status":"publish","type":"page","link":"https:\/\/www.iadep.gob.ar\/iadep\/linea-impulso-emprendedor-para-la-reactivacion-economica\/","title":{"rendered":"L\u00ednea Impulso Emprendedor para la Reactivaci\u00f3n Econ\u00f3mica"},"content":{"rendered":"\t\t<div data-elementor-type=\"wp-page\" data-elementor-id=\"1379\" class=\"elementor elementor-1379\" data-elementor-post-type=\"page\">\n\t\t\t\t<div class=\"elementor-element elementor-element-395b914 e-con e-atomic-element e-flexbox-base e-c7b3777 \" data-id=\"395b914\" data-element_type=\"e-flexbox\" data-e-type=\"e-flexbox\" data-interaction-id=\"395b914\" data-e-type=\"e-flexbox\" data-id=\"395b914\">\n    <div class=\"elementor-element elementor-element-f6acab0 e-flex e-con-boxed e-con e-parent\" data-id=\"f6acab0\" data-element_type=\"container\" data-e-type=\"container\">\n\t\t\t\t\t<div class=\"e-con-inner\">\n\t\t\t\t<div class=\"elementor-element elementor-element-8a5363e elementor-widget elementor-widget-heading\" data-id=\"8a5363e\" data-element_type=\"widget\" data-e-type=\"widget\" data-widget_type=\"heading.default\">\n\t\t\t\t\t<h2 class=\"elementor-heading-title elementor-size-default\">L\u00ednea Impulso Emprendedor para la Reactivaci\u00f3n Econ\u00f3mica<\/h2>\t\t\t\t<\/div>\n\t\t\t\t<div class=\"elementor-element elementor-element-145e91b elementor-widget elementor-widget-text-editor\" data-id=\"145e91b\" data-element_type=\"widget\" data-e-type=\"widget\" data-widget_type=\"text-editor.default\">\n\t\t\t\t\t\t\t\t\t<p>Herramienta crediticia orientada a la consolidaci\u00f3n operativa, recuperaci\u00f3n de capital y sostenimiento de actividades productivas y comerciales en Neuqu\u00e9n.<\/p><h2><strong>\u00bfA qui\u00e9nes est\u00e1 dirigida?<\/strong><\/h2><p>A personas humanas y jur\u00eddicas que desarrollen actividades en:<\/p><p>\u2022 Comercio minorista y mayorista. <br \/>\u2022 Prestaci\u00f3n de servicios comerciales y generales. <br \/>\u2022 Talleres productivos y microindustrias. <br \/>\u2022 Gastronom\u00eda y servicios afines.<\/p><h2><strong>Destinos Financiables<\/strong><\/h2><p>\u2022 Recomposici\u00f3n de Capital de Trabajo: Compra de insumos esenciales y reposici\u00f3n de inventario.<\/p><p>\u2022 Adecuaci\u00f3n de Instalaciones: Refacciones y mejoras operativas en locales y talleres.<\/p><p>\u2022 Mantenimiento y Reparaci\u00f3n de Equipos: Reparaci\u00f3n o reemplazo de herramientas y maquinarias de trabajo. <\/p>\t\t\t\t\t\t\t\t<\/div>\n\t\t\t\t<div class=\"elementor-element elementor-element-f867bba elementor-widget elementor-widget-text-editor\" data-id=\"f867bba\" data-element_type=\"widget\" data-e-type=\"widget\" data-widget_type=\"text-editor.default\">\n\t\t\t\t\t\t\t\t\t<h3><strong>Condiciones Financieras<\/strong><\/h3><table><tbody><tr><td width=\"77\"><p><strong>Concepto<\/strong><\/p><\/td><td width=\"524\"><p><strong>Detalle de la Condici\u00f3n<\/strong><\/p><\/td><\/tr><tr><td width=\"77\"><p><strong>Destinatarios<\/strong><\/p><\/td><td width=\"524\"><p>Unidades econ\u00f3micas en marcha en el territorio provincial.<\/p><p>\u00a0<\/p><\/td><\/tr><tr><td width=\"77\"><p><strong>Destino<\/strong><\/p><\/td><td width=\"524\"><p>Capital de trabajo operativo, adecuaciones y equipamiento esencial.<\/p><p>\u00a0<\/p><\/td><\/tr><tr><td width=\"77\"><p><strong>Tasa<\/strong><\/p><\/td><td width=\"524\"><p>Tasa promocional bonificada por IADEP<\/p><\/td><\/tr><tr><td width=\"77\"><p><strong>Garant\u00edas<\/strong><\/p><\/td><td width=\"524\"><p>Esquema escalonado seg\u00fan monto (pagar\u00e9 personal, aval solidario o garant\u00edas reales\/FOGANEU).<\/p><p>\u00a0<\/p><\/td><\/tr><\/tbody><\/table>\t\t\t\t\t\t\t\t<\/div>\n\t\t\t\t<div class=\"elementor-element elementor-element-20b143f elementor-widget elementor-widget-button\" data-id=\"20b143f\" data-element_type=\"widget\" data-e-type=\"widget\" data-widget_type=\"button.default\">\n\t\t\t\t\t\t\t\t\t\t<a class=\"elementor-button elementor-button-link elementor-size-sm\" href=\"https:\/\/sas.iadep.gov.ar\/RegistroEmprendedores\/Account\/Login\" target=\"_blank\">\n\t\t\t\t\t\t<span class=\"elementor-button-content-wrapper\">\n\t\t\t\t\t\t\t\t\t<span class=\"elementor-button-text\">Iniciar gesti\u00f3n con FINI <\/span>\n\t\t\t\t\t<\/span>\n\t\t\t\t\t<\/a>\n\t\t\t\t\t\t\t\t<\/div>\n\t\t\t\t\t<\/div>\n\t\t\t\t<\/div>\n\t\t\n<\/div>\n<div class=\"elementor-element elementor-element-1ce40a0 e-con e-atomic-element e-flexbox-base e-424b43b \" data-id=\"1ce40a0\" data-element_type=\"e-flexbox\" data-e-type=\"e-flexbox\" data-interaction-id=\"1ce40a0\" data-e-type=\"e-flexbox\" data-id=\"1ce40a0\">\n    \n<\/div>\n\t\t<\/div>\n\t\t","protected":false},"excerpt":{"rendered":"<p>L\u00ednea Impulso Emprendedor para la Reactivaci\u00f3n Econ\u00f3mica Herramienta crediticia orientada a la consolidaci\u00f3n operativa, recuperaci\u00f3n de capital y sostenimiento de actividades productivas y comerciales en Neuqu\u00e9n. \u00bfA qui\u00e9nes est\u00e1 dirigida? A personas humanas y jur\u00eddicas que desarrollen actividades en: \u2022 Comercio minorista y mayorista. \u2022 Prestaci\u00f3n de servicios comerciales y generales. \u2022 Talleres productivos y [&hellip;]<\/p>\n","protected":false},"author":4,"featured_media":0,"parent":0,"menu_order":0,"comment_status":"closed","ping_status":"closed","template":"","meta":{"_eb_attr":"","ngg_post_thumbnail":0,"_joinchat":[],"footnotes":""},"class_list":["post-1379","page","type-page","status-publish","hentry"],"acf":[],"_links":{"self":[{"href":"https:\/\/www.iadep.gob.ar\/iadep\/wp-json\/wp\/v2\/pages\/1379","targetHints":{"allow":["GET"]}}],"collection":[{"href":"https:\/\/www.iadep.gob.ar\/iadep\/wp-json\/wp\/v2\/pages"}],"about":[{"href":"https:\/\/www.iadep.gob.ar\/iadep\/wp-json\/wp\/v2\/types\/page"}],"author":[{"embeddable":true,"href":"https:\/\/www.iadep.gob.ar\/iadep\/wp-json\/wp\/v2\/users\/4"}],"replies":[{"embeddable":true,"href":"https:\/\/www.iadep.gob.ar\/iadep\/wp-json\/wp\/v2\/comments?post=1379"}],"version-history":[{"count":7,"href":"https:\/\/www.iadep.gob.ar\/iadep\/wp-json\/wp\/v2\/pages\/1379\/revisions"}],"predecessor-version":[{"id":1386,"href":"https:\/\/www.iadep.gob.ar\/iadep\/wp-json\/wp\/v2\/pages\/1379\/revisions\/1386"}],"wp:attachment":[{"href":"https:\/\/www.iadep.gob.ar\/iadep\/wp-json\/wp\/v2\/media?parent=1379"}],"curies":[{"name":"wp","href":"https:\/\/api.w.org\/{rel}","templated":true}]}}