{"id":1355,"date":"2026-09-02T12:00:42","date_gmt":"2026-09-02T15:00:42","guid":{"rendered":"https:\/\/www.iadep.gob.ar\/iadep\/?page_id=1355"},"modified":"2026-09-02T12:14:37","modified_gmt":"2026-09-02T15:14:37","slug":"linea-impulso-emprendedor-para-la-inclusion-financiera","status":"publish","type":"page","link":"https:\/\/www.iadep.gob.ar\/iadep\/linea-impulso-emprendedor-para-la-inclusion-financiera\/","title":{"rendered":"L\u00ednea Impulso Emprendedor para la Inclusi\u00f3n Financiera"},"content":{"rendered":"\t\t<div data-elementor-type=\"wp-page\" data-elementor-id=\"1355\" class=\"elementor elementor-1355\" data-elementor-post-type=\"page\">\n\t\t\t\t<div class=\"elementor-element elementor-element-395b914 e-con e-atomic-element e-flexbox-base e-c7b3777 \" data-id=\"395b914\" data-element_type=\"e-flexbox\" data-e-type=\"e-flexbox\" data-interaction-id=\"395b914\" data-e-type=\"e-flexbox\" data-id=\"395b914\">\n    <div class=\"elementor-element elementor-element-f6acab0 e-flex e-con-boxed e-con e-parent\" data-id=\"f6acab0\" data-element_type=\"container\" data-e-type=\"container\">\n\t\t\t\t\t<div class=\"e-con-inner\">\n\t\t\t\t<div class=\"elementor-element elementor-element-8a5363e elementor-widget elementor-widget-heading\" data-id=\"8a5363e\" data-element_type=\"widget\" data-e-type=\"widget\" data-widget_type=\"heading.default\">\n\t\t\t\t\t<h2 class=\"elementor-heading-title elementor-size-default\">L\u00ednea Impulso Emprendedor para la Inclusi\u00f3n Financiera<\/h2>\t\t\t\t<\/div>\n\t\t\t\t<div class=\"elementor-element elementor-element-145e91b elementor-widget elementor-widget-text-editor\" data-id=\"145e91b\" data-element_type=\"widget\" data-e-type=\"widget\" data-widget_type=\"text-editor.default\">\n\t\t\t\t\t\t\t\t\t<p>Herramienta dise\u00f1ada para facilitar la primera inserci\u00f3n financiera y formalizaci\u00f3n de microemprendimientos y trabajadores independientes en la Provincia del Neuqu\u00e9n.<\/p><h2><strong>\u00bfA qui\u00e9nes est\u00e1 dirigida?<\/strong><\/h2><p>\u2022 Emprendedores que gestionan su primera asistencia crediticia formal. <br \/>\u2022 Trabajadores independientes y oficios en consolidaci\u00f3n. <br \/>\u2022 Mujeres, j\u00f3venes y personas de la diversidad con proyectos en marcha. <br \/>\u2022 Proyectos familiares y de la econom\u00eda social.<\/p><h2><strong>Destinos Financiables<\/strong><\/h2><ol><li>\u2022 Herramientas y Maquinarias Menores: Equipamiento de baja escala y elementos indispensables de trabajo.<\/li><li>\u2022 Capital de Trabajo Inicial: Materias primas, insumos, packaging y mercader\u00eda.<\/li><li>\u2022 Acondicionamiento B\u00e1sico: Peque\u00f1as adecuaciones edilicias y de seguridad en el espacio de trabajo.<\/li><\/ol>\t\t\t\t\t\t\t\t<\/div>\n\t\t\t\t<div class=\"elementor-element elementor-element-f867bba elementor-widget elementor-widget-text-editor\" data-id=\"f867bba\" data-element_type=\"widget\" data-e-type=\"widget\" data-widget_type=\"text-editor.default\">\n\t\t\t\t\t\t\t\t\t<h3><strong>Condiciones Financieras<\/strong><\/h3><table><tbody><tr><td width=\"126\"><p><strong>Concepto<\/strong><\/p><\/td><td width=\"508\"><p><strong>Detalle de la Condici\u00f3n<\/strong><\/p><\/td><\/tr><tr><td width=\"126\"><p><strong>P\u00fablico Objetivo<\/strong><\/p><\/td><td width=\"508\"><p>Emprendimientos iniciales y autoempleo de las 7 regiones provinciales.<\/p><\/td><\/tr><tr><td width=\"126\"><p><strong>Tasa de Inter\u00e9s<\/strong><\/p><\/td><td width=\"508\"><p>Tasa promocional bonificada y accesible.<\/p><\/td><\/tr><tr><td width=\"126\"><p><strong>Garant\u00edas<\/strong><\/p><\/td><td width=\"508\"><p>Garant\u00eda personal simple (firma de pagar\u00e9) o aval solidario de un tercero.<\/p><\/td><\/tr><\/tbody><\/table><h3>\u00a0<\/h3>\t\t\t\t\t\t\t\t<\/div>\n\t\t\t\t<div class=\"elementor-element elementor-element-20b143f elementor-widget elementor-widget-button\" data-id=\"20b143f\" data-element_type=\"widget\" data-e-type=\"widget\" data-widget_type=\"button.default\">\n\t\t\t\t\t\t\t\t\t\t<a class=\"elementor-button elementor-button-link elementor-size-sm\" href=\"https:\/\/sas.iadep.gov.ar\/RegistroEmprendedores\/Account\/Login\" target=\"_blank\">\n\t\t\t\t\t\t<span class=\"elementor-button-content-wrapper\">\n\t\t\t\t\t\t\t\t\t<span class=\"elementor-button-text\">Iniciar Registro con FINI<\/span>\n\t\t\t\t\t<\/span>\n\t\t\t\t\t<\/a>\n\t\t\t\t\t\t\t\t<\/div>\n\t\t\t\t\t<\/div>\n\t\t\t\t<\/div>\n\t\t\n<\/div>\n<div class=\"elementor-element elementor-element-1ce40a0 e-con e-atomic-element e-flexbox-base e-424b43b \" data-id=\"1ce40a0\" data-element_type=\"e-flexbox\" data-e-type=\"e-flexbox\" data-interaction-id=\"1ce40a0\" data-e-type=\"e-flexbox\" data-id=\"1ce40a0\">\n    \n<\/div>\n\t\t<\/div>\n\t\t","protected":false},"excerpt":{"rendered":"<p>L\u00ednea Impulso Emprendedor para la Inclusi\u00f3n Financiera Herramienta dise\u00f1ada para facilitar la primera inserci\u00f3n financiera y formalizaci\u00f3n de microemprendimientos y trabajadores independientes en la Provincia del Neuqu\u00e9n. \u00bfA qui\u00e9nes est\u00e1 dirigida? \u2022 Emprendedores que gestionan su primera asistencia crediticia formal. \u2022 Trabajadores independientes y oficios en consolidaci\u00f3n. \u2022 Mujeres, j\u00f3venes y personas de la diversidad [&hellip;]<\/p>\n","protected":false},"author":4,"featured_media":0,"parent":0,"menu_order":0,"comment_status":"closed","ping_status":"closed","template":"","meta":{"_eb_attr":"","ngg_post_thumbnail":0,"_joinchat":[],"footnotes":""},"class_list":["post-1355","page","type-page","status-publish","hentry"],"acf":[],"_links":{"self":[{"href":"https:\/\/www.iadep.gob.ar\/iadep\/wp-json\/wp\/v2\/pages\/1355","targetHints":{"allow":["GET"]}}],"collection":[{"href":"https:\/\/www.iadep.gob.ar\/iadep\/wp-json\/wp\/v2\/pages"}],"about":[{"href":"https:\/\/www.iadep.gob.ar\/iadep\/wp-json\/wp\/v2\/types\/page"}],"author":[{"embeddable":true,"href":"https:\/\/www.iadep.gob.ar\/iadep\/wp-json\/wp\/v2\/users\/4"}],"replies":[{"embeddable":true,"href":"https:\/\/www.iadep.gob.ar\/iadep\/wp-json\/wp\/v2\/comments?post=1355"}],"version-history":[{"count":16,"href":"https:\/\/www.iadep.gob.ar\/iadep\/wp-json\/wp\/v2\/pages\/1355\/revisions"}],"predecessor-version":[{"id":1378,"href":"https:\/\/www.iadep.gob.ar\/iadep\/wp-json\/wp\/v2\/pages\/1355\/revisions\/1378"}],"wp:attachment":[{"href":"https:\/\/www.iadep.gob.ar\/iadep\/wp-json\/wp\/v2\/media?parent=1355"}],"curies":[{"name":"wp","href":"https:\/\/api.w.org\/{rel}","templated":true}]}}